{"id":472,"date":"2021-12-15T12:09:22","date_gmt":"2021-12-15T15:09:22","guid":{"rendered":"https:\/\/sites.ufca.edu.br\/treinamento-sites\/?page_id=472"},"modified":"2021-12-15T15:48:01","modified_gmt":"2021-12-15T18:48:01","slug":"configure-seu-site","status":"publish","type":"page","link":"https:\/\/sites.ufca.edu.br\/treinamento-sites\/painel-administrativo\/configure-seu-site\/","title":{"rendered":"Configure seu site"},"content":{"rendered":"\n<p>Nessa p\u00e1gina voc\u00ea vai aprender sobre as principais configura\u00e7\u00f5es do seu site e como faz\u00ea-las. <\/p>\n\n\n\n<h2>\u00cdndice<\/h2>\n\n\n\n<p><a href=\"#geral\">Geral<\/a><br><a href=\"#escrita\" data-type=\"internal\" data-id=\"#escrita\">Escrita<\/a><br><a href=\"#leitura\">Leitura<\/a><br><a href=\"#discussao\">Discuss\u00e3o<\/a><br><a href=\"#midia\">M\u00eddia<\/a><br><a href=\"#links-permanentes\">Links permanentes<\/a><\/p>\n\n\n\n<h2 id=\"geral\"><strong>Geral<\/strong><\/h2>\n\n\n\n<p>Aqui s\u00e3o apresentadas as configura\u00e7\u00f5es gerais do site.<\/p>\n\n\n\n<figure class=\"wp-block-image size-large\"><img loading=\"lazy\" width=\"1024\" height=\"551\" src=\"https:\/\/sites.ufca.edu.br\/treinamento-sites\/wp-content\/uploads\/sites\/172\/2021\/12\/image-18-1024x551.png\" alt=\"\" class=\"wp-image-467\" srcset=\"https:\/\/sites.ufca.edu.br\/treinamento-sites\/wp-content\/uploads\/sites\/172\/2021\/12\/image-18-1024x551.png 1024w, https:\/\/sites.ufca.edu.br\/treinamento-sites\/wp-content\/uploads\/sites\/172\/2021\/12\/image-18-300x161.png 300w, https:\/\/sites.ufca.edu.br\/treinamento-sites\/wp-content\/uploads\/sites\/172\/2021\/12\/image-18-768x413.png 768w, https:\/\/sites.ufca.edu.br\/treinamento-sites\/wp-content\/uploads\/sites\/172\/2021\/12\/image-18.png 1162w\" sizes=\"(max-width: 1024px) 100vw, 1024px\" \/><figcaption>Configura\u00e7\u00e3o &gt; Geral<\/figcaption><\/figure>\n\n\n\n<ul><li>T\u00edtulo do site: t\u00edtulo que geralmente aparece em maior destaque no tema que foi escolhido<\/li><li>Descri\u00e7\u00e3o: um breve explica\u00e7\u00e3o do que se trata o seu site. Ela \u00e9 \u00fatil quando um leitor n\u00e3o sabe exatamente do que ele trata. <\/li><li>Endere\u00e7o de e-mail administrativo: esse endere\u00e7o de e-mail ser\u00e1 utilizado para fins de administra\u00e7\u00e3o. Caso voc\u00ea tente mudar esse e-mail, um e-mail de confirma\u00e7\u00e3o ser\u00e1 enviado para sua caixa de entrada.<\/li><li>Idioma do site: escolha qual a l\u00edngua que ser\u00e1 apresentada para o leitor.<\/li><li>Fuso hor\u00e1rio: escolha de qual regi\u00e3o voc\u00ea deseja que apresente o hor\u00e1rio.  <\/li><li>Formato da data: a data pode ter v\u00e1rios formatos diferentes de acordo com a localiza\u00e7\u00e3o. Voc\u00ea pode escolher o formato que se adequada a sua regi\u00e3o ou pode personalizar um formato diferente.<\/li><li>Semana come\u00e7a em: qual o dia voc\u00ea prefere que a semana inicie? Essa op\u00e7\u00e3o \u00e9 interessante para quem gosta de criar posts.<\/li><\/ul>\n\n\n\n<h2 id=\"escrita\"><strong>Escrita<\/strong><\/h2>\n\n\n\n<figure class=\"wp-block-image size-large\"><img loading=\"lazy\" width=\"705\" height=\"291\" src=\"https:\/\/sites.ufca.edu.br\/treinamento-sites\/wp-content\/uploads\/sites\/172\/2021\/12\/image-19.png\" alt=\"\" class=\"wp-image-469\" srcset=\"https:\/\/sites.ufca.edu.br\/treinamento-sites\/wp-content\/uploads\/sites\/172\/2021\/12\/image-19.png 705w, https:\/\/sites.ufca.edu.br\/treinamento-sites\/wp-content\/uploads\/sites\/172\/2021\/12\/image-19-300x124.png 300w\" sizes=\"(max-width: 705px) 100vw, 705px\" \/><figcaption>Configura\u00e7\u00e3o &gt; Escrita<\/figcaption><\/figure>\n\n\n\n<p><strong>Formata\u00e7\u00e3o<\/strong><br>&#8211; Converter emoticons: aqui voc\u00ea pode decidir se quer que os texto em formato de emojis sejam convertidos nos emojis de imagem. Por exemplo &#8220;:-P&#8221; \u00e9 convertido para \ud83d\ude1b .<br>&#8211; O WordPress deve corrigir automaticamente XHTML aninhado de forma inv\u00e1lida: marcar esta op\u00e7\u00e3o faz com que seu conte\u00fado seja verificado e corrigido de erros de XHTML.<\/p>\n\n\n\n<p><strong>Categoria padr\u00e3o de post<\/strong><br>Categorias de posts s\u00e3o formas como voc\u00ea o organizar, &#8220;separando-os&#8221;\/&#8221;agrupando-os&#8221; de forma l\u00f3gica por tipo, por exemplo. A categoria &#8220;Cultura&#8221; \u00e9 diferente da categorias &#8220;Extens\u00e3o&#8221;. De tal forma pode ser organizada os seus posts. Se voc\u00ea n\u00e3o tiver cadastrado nenhuma categoria, a categoria padr\u00e3o ser\u00e1 &#8220;Sem categoria&#8221;.<\/p>\n\n\n\n<h2 id=\"leitura\"><strong>Leitura<\/strong><\/h2>\n\n\n\n<figure class=\"wp-block-image size-large is-style-default\"><img loading=\"lazy\" width=\"983\" height=\"625\" src=\"https:\/\/sites.ufca.edu.br\/treinamento-sites\/wp-content\/uploads\/sites\/172\/2021\/12\/image-20.png\" alt=\"\" class=\"wp-image-493\" srcset=\"https:\/\/sites.ufca.edu.br\/treinamento-sites\/wp-content\/uploads\/sites\/172\/2021\/12\/image-20.png 983w, https:\/\/sites.ufca.edu.br\/treinamento-sites\/wp-content\/uploads\/sites\/172\/2021\/12\/image-20-300x191.png 300w, https:\/\/sites.ufca.edu.br\/treinamento-sites\/wp-content\/uploads\/sites\/172\/2021\/12\/image-20-768x488.png 768w\" sizes=\"(max-width: 983px) 100vw, 983px\" \/><figcaption>Configura\u00e7\u00f5es > Leitura<\/figcaption><\/figure>\n\n\n\n<p><strong>Amostra da sua p\u00e1gina inicial<\/strong><br>Voc\u00ea escolhe o que vai aparecer na p\u00e1gina home. Voc\u00ea pode escolher entre os posts mais recentes ou uma p\u00e1gina est\u00e1tica. Voc\u00ea pode escolher uma p\u00e1gina est\u00e1tica espec\u00edfica.<\/p>\n\n\n\n<p><strong>As p\u00e1ginas do blog mostram no m\u00e1ximo<\/strong><br>Caso voc\u00ea tenha muito posts, nem todos precisam aparecer de uma vez na mesma p\u00e1gina. Para isso voc\u00ea pode limitar a quantidade de posts que aparecem.<\/p>\n\n\n\n<p><strong>Visibilidade do mecanismo de buscas<\/strong><br>Se essa op\u00e7\u00e3o estiver marcada, seu site n\u00e3o pode ser encontrado, por exemplo, pelo Google.<\/p>\n\n\n\n<h2 id=\"discussao\"><strong>Discuss\u00e3o<\/strong><\/h2>\n\n\n\n<figure class=\"wp-block-image size-large\"><img loading=\"lazy\" width=\"1024\" height=\"510\" src=\"https:\/\/sites.ufca.edu.br\/treinamento-sites\/wp-content\/uploads\/sites\/172\/2021\/12\/image-21-1024x510.png\" alt=\"\" class=\"wp-image-494\" srcset=\"https:\/\/sites.ufca.edu.br\/treinamento-sites\/wp-content\/uploads\/sites\/172\/2021\/12\/image-21-1024x510.png 1024w, https:\/\/sites.ufca.edu.br\/treinamento-sites\/wp-content\/uploads\/sites\/172\/2021\/12\/image-21-300x149.png 300w, https:\/\/sites.ufca.edu.br\/treinamento-sites\/wp-content\/uploads\/sites\/172\/2021\/12\/image-21-768x382.png 768w, https:\/\/sites.ufca.edu.br\/treinamento-sites\/wp-content\/uploads\/sites\/172\/2021\/12\/image-21.png 1153w\" sizes=\"(max-width: 1024px) 100vw, 1024px\" \/><figcaption>Configura\u00e7\u00f5es > Discuss\u00e3o<\/figcaption><\/figure>\n\n\n\n<h3>Configura\u00e7\u00f5es padr\u00e3o de post<\/h3>\n\n\n\n<figure class=\"wp-block-image size-large\"><img loading=\"lazy\" width=\"785\" height=\"135\" src=\"https:\/\/sites.ufca.edu.br\/treinamento-sites\/wp-content\/uploads\/sites\/172\/2021\/12\/image-22.png\" alt=\"\" class=\"wp-image-497\" srcset=\"https:\/\/sites.ufca.edu.br\/treinamento-sites\/wp-content\/uploads\/sites\/172\/2021\/12\/image-22.png 785w, https:\/\/sites.ufca.edu.br\/treinamento-sites\/wp-content\/uploads\/sites\/172\/2021\/12\/image-22-300x52.png 300w, https:\/\/sites.ufca.edu.br\/treinamento-sites\/wp-content\/uploads\/sites\/172\/2021\/12\/image-22-768x132.png 768w\" sizes=\"(max-width: 785px) 100vw, 785px\" \/><figcaption>Configura\u00e7\u00f5es padr\u00e3o de post<\/figcaption><\/figure>\n\n\n\n<p>Nesta se\u00e7\u00e3o voc\u00ea pode definir alguns comportamentos padr\u00e3o para todos os posts. No entanto, essa configura\u00e7\u00e3o pode ser substitu\u00edda por uma diferente, feita diretamente em cada um dos posts.<\/p>\n\n\n\n<h4>Tentar notificar blogs com links a partir do artigo<\/h4>\n\n\n\n<p>Ao escrever um post, \u00e9 bem prov\u00e1vel que voc\u00ea insira links apontando para outros sites. Quando esta op\u00e7\u00e3o est\u00e1 ativada, o WordPress vai notificar estes outros sites para o quais voc\u00ea linkou. Em outras palavras, ele tenta avisar o outro site\/blog que voc\u00ea fez um link para ele.<\/p>\n\n\n\n<p><strong>Sugest\u00e3o:<\/strong>&nbsp;deixar marcado. \u00c9 interessante avisar terceiros que voc\u00ea est\u00e1 linkando para eles. Isso pode abrir canais de comunica\u00e7\u00e3o entre voc\u00eas.<\/p>\n\n\n\n<h4>Permitir avisos de links de outros blogs (pingbacks ou trackbacks) em novos artigos<\/h4>\n\n\n\n<p>Se por um lado voc\u00ea pode avisar os outros que est\u00e1 linkando para eles, por outro lado voc\u00ea pode ser avisado quando algu\u00e9m faz um link para voc\u00ea.<\/p>\n\n\n\n<p>\u00c9 exatamente isso que essa configura\u00e7\u00e3o faz. Caso voc\u00ea deixe esta op\u00e7\u00e3o marcada, voc\u00ea receber\u00e1 um trackback\/pingback toda vez que algum outro site ou blog fizer um link para voc\u00ea.<\/p>\n\n\n\n<p><strong>Sugest\u00e3o:<\/strong>&nbsp;deixar marcado. \u00c9 interessante acompanhar quais sites est\u00e3o linkando para o seu. Isso pode te dar abertura para iniciar conversas, firmar parcerias ou at\u00e9 mesmo ver quais sites est\u00e3o copiando o seu conte\u00fado.<\/p>\n\n\n\n<h4>Permitir que as pessoas publiquem coment\u00e1rios sobre novos artigos<\/h4>\n\n\n\n<p>Por padr\u00e3o, todo novo post estar\u00e1 aberto para coment\u00e1rios. Se quiser alterar esse comportamento, voc\u00ea pode desmarcar essa op\u00e7\u00e3o e ent\u00e3o todos os novos posts estar\u00e3o fechados para coment\u00e1rios.<\/p>\n\n\n\n<p><strong>Sugest\u00e3o:<\/strong>\u00a0deixar marcado. Geralmente o que queremos dos nossos visitantes \u00e9 que eles se interessem por nosso conte\u00fado e se engajem com ele.<\/p>\n\n\n\n<h3>Outras configura\u00e7\u00f5es de coment\u00e1rios<\/h3>\n\n\n\n<figure class=\"wp-block-image size-large\"><img loading=\"lazy\" width=\"1024\" height=\"239\" src=\"https:\/\/sites.ufca.edu.br\/treinamento-sites\/wp-content\/uploads\/sites\/172\/2021\/12\/image-23-1024x239.png\" alt=\"\" class=\"wp-image-499\" srcset=\"https:\/\/sites.ufca.edu.br\/treinamento-sites\/wp-content\/uploads\/sites\/172\/2021\/12\/image-23-1024x239.png 1024w, https:\/\/sites.ufca.edu.br\/treinamento-sites\/wp-content\/uploads\/sites\/172\/2021\/12\/image-23-300x70.png 300w, https:\/\/sites.ufca.edu.br\/treinamento-sites\/wp-content\/uploads\/sites\/172\/2021\/12\/image-23-768x180.png 768w, https:\/\/sites.ufca.edu.br\/treinamento-sites\/wp-content\/uploads\/sites\/172\/2021\/12\/image-23.png 1159w\" sizes=\"(max-width: 1024px) 100vw, 1024px\" \/><figcaption>Outras configura\u00e7\u00f5es de coment\u00e1rios<\/figcaption><\/figure>\n\n\n\n<p>Al\u00e9m das configura\u00e7\u00f5es de discuss\u00e3o acima, o WordPress oferece mais recursos para a gest\u00e3o de coment\u00e1rios.<\/p>\n\n\n\n<h4>O autor do coment\u00e1rio tem que preencher o nome e e-mail<\/h4>\n\n\n\n<p>Deixando esta op\u00e7\u00e3o marcada, qualquer visitante que queira comentar dever\u00e1 preencher o nome e o e-mail.<\/p>\n\n\n\n<p><strong>Sugest\u00e3o:<\/strong>&nbsp;deixar marcado. Permitir coment\u00e1rios sem identifica\u00e7\u00e3o pode estimular coment\u00e1rios de baixa qualidade.<\/p>\n\n\n\n<h4>Os usu\u00e1rios devem estar registrados e conectados para poderem publicar coment\u00e1rios<\/h4>\n\n\n\n<p>Marcar esta op\u00e7\u00e3o restringe os coment\u00e1rios aos usu\u00e1rios conectados. Em outras palavras, o visitante deve criar uma conta em seu WordPress e deve estar logado nela para poder deixar um coment\u00e1rio.<\/p>\n\n\n\n<p><strong>Sugest\u00e3o:<\/strong>&nbsp;deixar desmarcado. Obrigar as pessoas a se registrar apenas para comentar, pode dificultar demais. O que diminuiria drasticamente o n\u00famero de coment\u00e1rios.<\/p>\n\n\n\n<h4>Encerrar automaticamente coment\u00e1rios sobre posts mais velhos que X dias<\/h4>\n\n\n\n<p>Marcando esta op\u00e7\u00e3o, todos os posts teriam seus coment\u00e1rios encerrados ap\u00f3s uma quantidade de dias (configur\u00e1vel). Isso pode ser interessantes para sites, blogs ou portais que produzem conte\u00fados mais ef\u00eameros.<\/p>\n\n\n\n<p>Por exemplo: um portal de not\u00edcias pode configurar para que seus coment\u00e1rios sejam fechado automaticamente ap\u00f3s 30 dias. Pois talvez a discuss\u00e3o daquele t\u00f3pico j\u00e1 n\u00e3o seja mais relevante.<\/p>\n\n\n\n<p><strong>Sugest\u00e3o:<\/strong>&nbsp;deixar desmarcado. Para a maioria dos casos essa op\u00e7\u00e3o n\u00e3o \u00e9 t\u00e3o relevante.<\/p>\n\n\n\n<h4>Exibir nos coment\u00e1rios uma caixa de sele\u00e7\u00e3o para aceitar cookies, permitindo que os cookies do autor do coment\u00e1rio sejam definidos.<\/h4>\n\n\n\n<p>Em tempos de GDPR (General Data Protection Regultaion) e LGPD (Lei Geral de Prote\u00e7\u00e3o de Dados) \u00e9 importante ter o consentimento do usu\u00e1rio para instalar cookies no navegador dele.<\/p>\n\n\n\n<p><strong>Sugest\u00e3o:<\/strong>&nbsp;deixar marcado.<\/p>\n\n\n\n<h4>Ativar X n\u00edveis de coment\u00e1rios agrupados por conversa\u00e7\u00e3o (aninhados)<\/h4>\n\n\n\n<p>Quando uma pessoa vai respondendo a outra nos coment\u00e1rios, um agrupamento \u00e9 gerado. Em ingl\u00eas, o termo usado para isso \u00e9&nbsp;<em>thread<\/em>.<\/p>\n\n\n\n<p>No WordPress \u00e9 poss\u00edvel limitar o n\u00edvel m\u00e1ximo de agrupamento. Veja no exemplo abaixo: temos 3 n\u00edveis de agrupamento nesta conversa.<\/p>\n\n\n\n<p>Olhando para a conversa acima, imagina se n\u00e3o houvesse limite. O aninhamento (espa\u00e7amento na esquerda a cada n\u00edvel) iria aumentar tanto depois do 10\u00ba n\u00edvel que n\u00e3o teria espa\u00e7o para o coment\u00e1rio.<\/p>\n\n\n\n<p><strong>Sugest\u00e3o:<\/strong>&nbsp;deixar marcado com 5 n\u00edveis.<\/p>\n\n\n\n<h4>Dividir coment\u00e1rios em p\u00e1ginas em X coment\u00e1rios de n\u00edvel mais alto por p\u00e1gina e mostrar a \u00faltima p\u00e1gina por padr\u00e3o<\/h4>\n\n\n\n<p>Essa op\u00e7\u00e3o faz com que os coment\u00e1rios sejam paginados. Isso pode ser \u00fatil para postagens que tenham muitos coment\u00e1rios. Isso porque uma p\u00e1gina com milhares de coment\u00e1rios pode ficar mais lenta para carregar.<\/p>\n\n\n\n<p><strong>O lado bom:<\/strong>\u00a0paginar seus coment\u00e1rios pode ter um impacto positivo no\u00a0SEO (otimiza\u00e7\u00e3o do site), afinal, ter uma p\u00e1gina mais r\u00e1pida ajuda a melhorar o ranqueamento no Google.<\/p>\n\n\n\n<p><strong>O lado ruim:<\/strong>\u00a0ao paginar os coment\u00e1rios, o WordPress cria diferentes URLs do mesmo post apenas para exibir coment\u00e1rios diferentes em cada uma delas. Por causa disso, o Google pode entender essas URLs como conte\u00fado duplicado. Mas isso \u00e9 facilmente resolvido com a ajuda do\u00a0Yoast SEO.<\/p>\n\n\n\n<p><strong>Sugest\u00e3o:<\/strong>\u00a0deixar desmarcado. A n\u00e3o ser que esteja usando o Yoast e tenha um volume significativo de coment\u00e1rios em cada postagem, sempre deixe desmarcado. Essa \u00e9 uma das configura\u00e7\u00f5es de discuss\u00e3o que podem atrapalhar o\u00a0SEO\u00a0do seu WordPress, quando feita de maneira errada.<\/p>\n\n\n\n<h3>Envie-me um e-mail quando<\/h3>\n\n\n\n<figure class=\"wp-block-image size-large\"><img loading=\"lazy\" width=\"484\" height=\"77\" src=\"https:\/\/sites.ufca.edu.br\/treinamento-sites\/wp-content\/uploads\/sites\/172\/2021\/12\/image-24.png\" alt=\"\" class=\"wp-image-501\" srcset=\"https:\/\/sites.ufca.edu.br\/treinamento-sites\/wp-content\/uploads\/sites\/172\/2021\/12\/image-24.png 484w, https:\/\/sites.ufca.edu.br\/treinamento-sites\/wp-content\/uploads\/sites\/172\/2021\/12\/image-24-300x48.png 300w\" sizes=\"(max-width: 484px) 100vw, 484px\" \/><figcaption>Envie-me um e-mail quando<\/figcaption><\/figure>\n\n\n\n<h4>Algu\u00e9m publicar um coment\u00e1rio<\/h4>\n\n\n\n<p>Seja avisado sempre que algu\u00e9m deixar um coment\u00e1rio. Isso \u00e9 especialmente \u00fatil para monitorar os coment\u00e1rios.<\/p>\n\n\n\n<p><strong>Sugest\u00e3o:<\/strong>&nbsp;deixar marcado. Apenas desmarque se n\u00e3o quiser ser notificado, ou se o volume de coment\u00e1rios for muito grande e voc\u00ea n\u00e3o tiver como monitorar e acompanhar.<\/p>\n\n\n\n<h4>Um coment\u00e1rio aguarda modera\u00e7\u00e3o<\/h4>\n\n\n\n<p>Seja avisado toda vez que um coment\u00e1rio estiver pendente de aprova\u00e7\u00e3o.<\/p>\n\n\n\n<p><strong>Sugest\u00e3o:<\/strong>\u00a0deixar marcado. \u00c9 importante saber que tem pend\u00eancias a serem resolvidas.<\/p>\n\n\n\n<h3>Antes de um coment\u00e1rio aparecer<\/h3>\n\n\n\n<figure class=\"wp-block-image size-large\"><img loading=\"lazy\" width=\"752\" height=\"65\" src=\"https:\/\/sites.ufca.edu.br\/treinamento-sites\/wp-content\/uploads\/sites\/172\/2021\/12\/image-25.png\" alt=\"\" class=\"wp-image-502\" srcset=\"https:\/\/sites.ufca.edu.br\/treinamento-sites\/wp-content\/uploads\/sites\/172\/2021\/12\/image-25.png 752w, https:\/\/sites.ufca.edu.br\/treinamento-sites\/wp-content\/uploads\/sites\/172\/2021\/12\/image-25-300x26.png 300w\" sizes=\"(max-width: 752px) 100vw, 752px\" \/><figcaption>Antes de um coment\u00e1rio aparecer<\/figcaption><\/figure>\n\n\n\n<h4>O coment\u00e1rio deve ser aprovado manualmente<\/h4>\n\n\n\n<p>Marcando esta op\u00e7\u00e3o nenhum coment\u00e1rio ser\u00e1 aprovado at\u00e9 que voc\u00ea manualmente o aprove. Se voc\u00ea n\u00e3o sofre com um volume grande de coment\u00e1rios, essa sem d\u00favida \u00e9 uma op\u00e7\u00e3o importante para marcar.<\/p>\n\n\n\n<p><strong>Sugest\u00e3o:<\/strong>&nbsp;marcar. Submeter todos os coment\u00e1rios a uma modera\u00e7\u00e3o \u00e9 importante para evitar coment\u00e1rios grosseiros, difama\u00e7\u00f5es ou at\u00e9 mesmo spam.<\/p>\n\n\n\n<h4>O autor do coment\u00e1rio tem que ter um coment\u00e1rio aprovado anteriormente<\/h4>\n\n\n\n<p>Esta op\u00e7\u00e3o pode ajudar bastante quando se est\u00e1 trabalhando com aprova\u00e7\u00e3o autom\u00e1tica de coment\u00e1rios, ao inv\u00e9s de modera\u00e7\u00e3o manual.<\/p>\n\n\n\n<p>O fato de um usu\u00e1rio ter um coment\u00e1rio aprovado anteriormente \u00e9 um bom sinal, e isso pode ajud\u00e1-lo a ter seu coment\u00e1rio aprovado automaticamente.<\/p>\n\n\n\n<p><strong>Sugest\u00e3o:\u00a0<\/strong>deixar marcado.<\/p>\n\n\n\n<h3>Modera\u00e7\u00e3o de coment\u00e1rios<\/h3>\n\n\n\n<figure class=\"wp-block-image size-large\"><img loading=\"lazy\" width=\"1024\" height=\"297\" src=\"https:\/\/sites.ufca.edu.br\/treinamento-sites\/wp-content\/uploads\/sites\/172\/2021\/12\/image-26-1024x297.png\" alt=\"\" class=\"wp-image-503\" srcset=\"https:\/\/sites.ufca.edu.br\/treinamento-sites\/wp-content\/uploads\/sites\/172\/2021\/12\/image-26-1024x297.png 1024w, https:\/\/sites.ufca.edu.br\/treinamento-sites\/wp-content\/uploads\/sites\/172\/2021\/12\/image-26-300x87.png 300w, https:\/\/sites.ufca.edu.br\/treinamento-sites\/wp-content\/uploads\/sites\/172\/2021\/12\/image-26-768x223.png 768w, https:\/\/sites.ufca.edu.br\/treinamento-sites\/wp-content\/uploads\/sites\/172\/2021\/12\/image-26.png 1152w\" sizes=\"(max-width: 1024px) 100vw, 1024px\" \/><figcaption>Modera\u00e7\u00e3o de coment\u00e1rios<\/figcaption><\/figure>\n\n\n\n<h4>Reter um coment\u00e1rio na fila se este contiver X ou mais links<\/h4>\n\n\n\n<p>Este recurso \u00e9 \u00fatil somente quando se est\u00e1 utilizando a modera\u00e7\u00e3o autom\u00e1tica. Por isso, ao deixar essa op\u00e7\u00e3o marcada, o WP vai automaticamente reter um coment\u00e1rio que tiver um determinado n\u00famero de links.<\/p>\n\n\n\n<p><strong>Sugest\u00e3o:<\/strong>&nbsp;configurar para 1 link. Qualquer coment\u00e1rio que contiver pelo menos 1 link, ficar\u00e1 retido na fila para aprova\u00e7\u00e3o manual.<\/p>\n\n\n\n<h4>Palavras no conte\u00fado<\/h4>\n\n\n\n<p>Nesta caixa de texto \u00e9 poss\u00edvel cadastrar diversas palavras (uma por linha) e sempre que um coment\u00e1rio contiver qualquer uma destas palavras, ele vai para a fila de modera\u00e7\u00e3o manual. Portanto, este \u00e9 mais um recurso \u00fatil para aqueles que est\u00e3o utilizando a modera\u00e7\u00e3o autom\u00e1tica.<\/p>\n\n\n\n<p>Voc\u00ea pode colocar palavras sens\u00edveis neste campo, como por exemplo:<\/p>\n\n\n\n<pre class=\"wp-block-preformatted\">ruim\nruins\np\u00e9ssimo\np\u00e9ssima\nhorr\u00edvel\nzuado\nzuada\nestranha\nterr\u00edvel\nnojenta\ne palavras que remetam a um tom negativo<\/pre>\n\n\n\n<p><strong>Sugest\u00e3o:<\/strong>\u00a0preencher somente se estiver usando a modera\u00e7\u00e3o autom\u00e1tica.<\/p>\n\n\n\n<h3>Lista negra de coment\u00e1rios<\/h3>\n\n\n\n<figure class=\"wp-block-image size-large\"><img loading=\"lazy\" width=\"1024\" height=\"240\" src=\"https:\/\/sites.ufca.edu.br\/treinamento-sites\/wp-content\/uploads\/sites\/172\/2021\/12\/image-27-1024x240.png\" alt=\"\" class=\"wp-image-504\" srcset=\"https:\/\/sites.ufca.edu.br\/treinamento-sites\/wp-content\/uploads\/sites\/172\/2021\/12\/image-27-1024x240.png 1024w, https:\/\/sites.ufca.edu.br\/treinamento-sites\/wp-content\/uploads\/sites\/172\/2021\/12\/image-27-300x70.png 300w, https:\/\/sites.ufca.edu.br\/treinamento-sites\/wp-content\/uploads\/sites\/172\/2021\/12\/image-27-768x180.png 768w, https:\/\/sites.ufca.edu.br\/treinamento-sites\/wp-content\/uploads\/sites\/172\/2021\/12\/image-27.png 1144w\" sizes=\"(max-width: 1024px) 100vw, 1024px\" \/><\/figure>\n\n\n\n<p>A lista negra \u00e9 bem parecida com o campo anterior, mas a diferen\u00e7a \u00e9 que ao apresentar qualquer uma das palavras cadastradas, o coment\u00e1rio vai para a lixeira ao inv\u00e9s da fila de modera\u00e7\u00e3o.<\/p>\n\n\n\n<p><strong>Sugest\u00e3o:<\/strong>&nbsp;preencher somente se estiver usando a modera\u00e7\u00e3o autom\u00e1tica. Preencha com palavras pejorativas e palavr\u00f5es, por exemplo.<\/p>\n\n\n\n<h3>Avatares<\/h3>\n\n\n\n<figure class=\"wp-block-image size-large\"><img loading=\"lazy\" width=\"1024\" height=\"114\" src=\"https:\/\/sites.ufca.edu.br\/treinamento-sites\/wp-content\/uploads\/sites\/172\/2021\/12\/image-30-1024x114.png\" alt=\"\" class=\"wp-image-507\" srcset=\"https:\/\/sites.ufca.edu.br\/treinamento-sites\/wp-content\/uploads\/sites\/172\/2021\/12\/image-30-1024x114.png 1024w, https:\/\/sites.ufca.edu.br\/treinamento-sites\/wp-content\/uploads\/sites\/172\/2021\/12\/image-30-300x33.png 300w, https:\/\/sites.ufca.edu.br\/treinamento-sites\/wp-content\/uploads\/sites\/172\/2021\/12\/image-30-768x85.png 768w, https:\/\/sites.ufca.edu.br\/treinamento-sites\/wp-content\/uploads\/sites\/172\/2021\/12\/image-30.png 1143w\" sizes=\"(max-width: 1024px) 100vw, 1024px\" \/><figcaption>Avatares<\/figcaption><\/figure>\n\n\n\n<h4>Exibi\u00e7\u00e3o do avatar<\/h4>\n\n\n\n<p>Ative a op\u00e7\u00e3o&nbsp;<strong>Mostrar avatares<\/strong>&nbsp;se quiser exibir fotos das pessoas que comentam em seu site.<\/p>\n\n\n\n<p><strong>Como essas fotos s\u00e3o obtidas?<\/strong><\/p>\n\n\n\n<p>As fotos s\u00e3o retiradas do site&nbsp;<a rel=\"noreferrer noopener\" href=\"https:\/\/pt.gravatar.com\/\" target=\"_blank\">Gravatar<\/a>. Para que uma foto seja exibida ao lado de algu\u00e9m que tenha comentado em eu site, essa pessoa deve criar uma conta no Gravatar. Ap\u00f3s criar sua conta e validar seu e-mail, essa pessoa poder\u00e1 associar uma foto a esse endere\u00e7o de e-mail.<\/p>\n\n\n\n<p><strong>Sugest\u00e3o:&nbsp;<\/strong>deixar marcado.<\/p>\n\n\n\n<h4>Classifica\u00e7\u00e3o m\u00e1xima<\/h4>\n\n\n\n<figure class=\"wp-block-image size-large\"><img loading=\"lazy\" width=\"710\" height=\"122\" src=\"https:\/\/sites.ufca.edu.br\/treinamento-sites\/wp-content\/uploads\/sites\/172\/2021\/12\/image-31.png\" alt=\"\" class=\"wp-image-508\" srcset=\"https:\/\/sites.ufca.edu.br\/treinamento-sites\/wp-content\/uploads\/sites\/172\/2021\/12\/image-31.png 710w, https:\/\/sites.ufca.edu.br\/treinamento-sites\/wp-content\/uploads\/sites\/172\/2021\/12\/image-31-300x52.png 300w\" sizes=\"(max-width: 710px) 100vw, 710px\" \/><\/figure>\n\n\n\n<p>Neste campo voc\u00ea deve classificar o conte\u00fado do seu site de acordo com as categorias abaixo:<\/p>\n\n\n\n<ul><li>G \u2014 Adequado para todas as idades<\/li><li>PG \u2014 Potencialmente ofensiva, normalmente para maiores de 13 anos<\/li><li>R \u2014 Para maiores de 17 anos<\/li><li>X \u2014 Ainda mais adulto do que acima<\/li><\/ul>\n\n\n\n<h4>Por que fazer a classifica\u00e7\u00e3o?<\/h4>\n\n\n\n<p>Quando um usu\u00e1rio se cadastra no Gravatar, ele tem de classificar a foto dele de acordo com as mesmas categorias acima. Por exemplo: um homem cadastra uma foto na qual ele est\u00e1 fazendo um gesto obsceno. A classifica\u00e7\u00e3o da foto dele n\u00e3o pode ser G.<\/p>\n\n\n\n<p>Nesse caso, se a categoria do seu site for G e esse rapaz deixar um coment\u00e1rio l\u00e1, a foto dele n\u00e3o aparecer\u00e1. Isso porque a classifica\u00e7\u00e3o da foto dele n\u00e3o \u00e9 compat\u00edvel com a classifica\u00e7\u00e3o do seu site.<\/p>\n\n\n\n<h4>Avatar padr\u00e3o<\/h4>\n\n\n\n<p>Neste \u00faltimo campo voc\u00ea escolhe qual foto deve ser exibida caso o usu\u00e1rio n\u00e3o tenha foto cadastrada no Gravatar.<\/p>\n\n\n\n<h3><strong><em>Artigo original<\/em><\/strong><\/h3>\n\n\n\n<p><a href=\"https:\/\/www.mirago.com.br\/aula\/configuracoes-discussao-wordpress\/#:~:text=As%20configura%C3%A7%C3%B5es%20de%20discuss%C3%A3o%20do,em%20seus%20posts%20e%20p%C3%A1ginas.\">https:\/\/www.mirago.com.br\/aula\/configuracoes-discussao-wordpress\/#:~:text=As%20configura%C3%A7%C3%B5es%20de%20discuss%C3%A3o%20do,em%20seus%20posts%20e%20p%C3%A1ginas.<\/a><\/p>\n\n\n\n<h2 id=\"midia\"><strong>M\u00eddia<\/strong><\/h2>\n\n\n\n<figure class=\"wp-block-image size-large\"><img loading=\"lazy\" width=\"835\" height=\"559\" src=\"https:\/\/sites.ufca.edu.br\/treinamento-sites\/wp-content\/uploads\/sites\/172\/2021\/12\/image-32.png\" alt=\"\" class=\"wp-image-512\" srcset=\"https:\/\/sites.ufca.edu.br\/treinamento-sites\/wp-content\/uploads\/sites\/172\/2021\/12\/image-32.png 835w, https:\/\/sites.ufca.edu.br\/treinamento-sites\/wp-content\/uploads\/sites\/172\/2021\/12\/image-32-300x201.png 300w, https:\/\/sites.ufca.edu.br\/treinamento-sites\/wp-content\/uploads\/sites\/172\/2021\/12\/image-32-768x514.png 768w\" sizes=\"(max-width: 835px) 100vw, 835px\" \/><figcaption>Configura\u00e7\u00f5es > M\u00eddia<\/figcaption><\/figure>\n\n\n\n<h3>Tamanho das imagens<\/h3>\n\n\n\n<p>Toda vez que voc\u00ea faz um upload de imagem para o WordPress, ele tentar\u00e1 salvar outros 3 tamanhos da sua imagem:<\/p>\n\n\n\n<ul><li><strong>Miniatura:<\/strong>&nbsp;por padr\u00e3o \u00e9 150 x 150 px<\/li><li><strong>M\u00e9dio:<\/strong>&nbsp;por padr\u00e3o \u00e9 300 x 300 px<\/li><li><strong>Grande:<\/strong>&nbsp;por padr\u00e3o \u00e9 1024 x 1024 px<\/li><\/ul>\n\n\n\n<p>Imagine que voc\u00ea est\u00e1 fazendo o upload de uma imagem que possui 1500 x 1500px. Durante o upload, o WP criar\u00e1 as imagens nos outros tamanhos. Dessa forma, ap\u00f3s o upload voc\u00ea ter\u00e1 a sua disposi\u00e7\u00e3o 4 arquivos diferentes:<\/p>\n\n\n\n<ul><li><strong>Miniatura:<\/strong>&nbsp;150 x 150 px<\/li><li><strong>M\u00e9dio:<\/strong>&nbsp;300 x 300 px<\/li><li><strong>Grande:<\/strong>&nbsp;1024 x 1024 px<\/li><li><strong>Original:<\/strong>&nbsp;1500 x 1500 px<\/li><\/ul>\n\n\n\n<p>Caso sua foto original tivesse 800 x 800 px, o WordPress criaria somente 2 novos formatos: miniatura e m\u00e9dio. Isso porque o&nbsp;<strong>WordPress n\u00e3o \u00e9 capaz de aumentar a dimens\u00e3o de uma foto<\/strong>, apenas reduzir.<\/p>\n\n\n\n<h3><strong><em>Artigo original<\/em><\/strong><\/h3>\n\n\n\n<p><a href=\"https:\/\/www.mirago.com.br\/aula\/configuracoes-midia-wordpress\/\">https:\/\/www.mirago.com.br\/aula\/configuracoes-midia-wordpress\/<\/a><\/p>\n\n\n\n<h2 id=\"links-permanentes\">Links Permanentes<\/h2>\n\n\n\n<p>O link permanente \u00e9 uma configura\u00e7\u00e3o simples do WordPress mas com grande potencial de impactar a otimiza\u00e7\u00e3o do site no Google. Saiba como configurar da maneira correta.<\/p>\n\n\n\n<figure class=\"wp-block-image size-large\"><img loading=\"lazy\" width=\"1024\" height=\"493\" src=\"https:\/\/sites.ufca.edu.br\/treinamento-sites\/wp-content\/uploads\/sites\/172\/2021\/12\/image-33-1024x493.png\" alt=\"\" class=\"wp-image-514\" srcset=\"https:\/\/sites.ufca.edu.br\/treinamento-sites\/wp-content\/uploads\/sites\/172\/2021\/12\/image-33-1024x493.png 1024w, https:\/\/sites.ufca.edu.br\/treinamento-sites\/wp-content\/uploads\/sites\/172\/2021\/12\/image-33-300x144.png 300w, https:\/\/sites.ufca.edu.br\/treinamento-sites\/wp-content\/uploads\/sites\/172\/2021\/12\/image-33-768x370.png 768w, https:\/\/sites.ufca.edu.br\/treinamento-sites\/wp-content\/uploads\/sites\/172\/2021\/12\/image-33.png 1155w\" sizes=\"(max-width: 1024px) 100vw, 1024px\" \/><figcaption>Configura\u00e7\u00f5es > Links Permanentes<\/figcaption><\/figure>\n\n\n\n<p>Os links permanentes (ou permalinks em ingl\u00eas) do\u00a0WordPress\u00a0definem como ser\u00e1 a\u00a0<strong>estrutura das URL\u2019s<\/strong>\u00a0em seu site. \u00c9 uma configura\u00e7\u00e3o simples mas que pode causar muito impacto no\u00a0SEO\u00a0(otimiza\u00e7\u00e3o do site para o Google).<\/p>\n\n\n\n<h3 id=\"h-o-que-s-o-links-permanentes\">O que s\u00e3o links permanentes?<\/h3>\n\n\n\n<p>A configura\u00e7\u00e3o dos links permanentes vai definir como as URLs do seu site ser\u00e3o geradas. Por isso, fique atento a estes detalhes.<\/p>\n\n\n\n<p>Por padr\u00e3o, as URL\u2019s do WordPress (<strong>vers\u00f5es mais atuais<\/strong>) apresentam essa estrutura:<\/p>\n\n\n\n<pre class=\"wp-block-code\"><code>https:&#47;&#47;seusite.com.br\/2019\/09\/titulo-do-post<\/code><\/pre>\n\n\n\n<p>Repare que a estrutura consiste no dominio.com.br\/<strong>ano<\/strong>\/<strong>mes<\/strong>\/<strong>slug-do-post<\/strong>.<\/p>\n\n\n\n<p>As&nbsp;<strong>vers\u00f5es mais antigas<\/strong>&nbsp;podem apresentar estruturas piores:<\/p>\n\n\n\n<pre class=\"wp-block-code\"><code>https:&#47;&#47;seusite.com.br\/?p=123<\/code><\/pre>\n\n\n\n<p>Dessa forma, seu site deve ter\u00a0urls amig\u00e1veis\u00a0para ter um melhor ranqueamento na busca org\u00e2nica do Google. Para isso \u00e9 importante que a estrutura de URL\u2019s do seu site apresente as seguintes caracter\u00edsticas:<\/p>\n\n\n\n<ul><li><strong>Contexto:<\/strong>&nbsp;muitos sites acabam apresentando URL\u2019s complexas e n\u00e3o muito intuitivas. Por exemplo, voc\u00ea conseguiria dizer do que se trata o conte\u00fado deste link a seguir:&nbsp;<code>https:\/\/exemplo.com.br\/?p=83626&amp;sid=98192887<\/code>&nbsp;? Provavelmente n\u00e3o. Al\u00e9m disso, a URL deve ajudar o usu\u00e1rio a entender o contexto sem ao menos ter clicado nela.<\/li><li><strong>Simplicidade:<\/strong>&nbsp;procure evitar estruturas muito complexas como&nbsp;<code>https:\/\/exemplo.com.br\/site\/cursos\/marketing\/marketing-digital\/curso-wordpress<\/code><\/li><li><strong>Pontua\u00e7\u00e3o:<\/strong>&nbsp;n\u00e3o utilize espa\u00e7os, acentua\u00e7\u00e3o ou junte palavras na url. A url&nbsp;<code>https:\/\/exemplo.com.br\/curso-wordpress<\/code>&nbsp;e muito mais \u00fatil do que&nbsp;<code>https:\/\/exemplo.com.br\/cursowordpress<\/code>. O WordPress por padr\u00e3o j\u00e1 utiliza o h\u00edfen (-) no lugar dos espa\u00e7os.<\/li><\/ul>\n\n\n\n<h3 id=\"h-como-mudar-o-link-permanente\">Como mudar o link permanente?<\/h3>\n\n\n\n<p>Por padr\u00e3o o WordPress vem configurado com a estrutura&nbsp;<strong>M\u00eas e Nome<\/strong>&nbsp;nos links permanentes.<\/p>\n\n\n\n<p>Para alterar essa estrutura, siga os passos abaixo:<\/p>\n\n\n\n<ol><li>Acesse o menu&nbsp;<strong>Configura\u00e7\u00f5es &gt; Links Permanentes<\/strong><\/li><li>Altere para a op\u00e7\u00e3o&nbsp;<strong>Nome do post<\/strong><\/li><li>No fim da p\u00e1gina, clique no bot\u00e3o&nbsp;<strong>Salvar altera\u00e7\u00f5es<\/strong><\/li><\/ol>\n\n\n\n<p class=\"has-dark-gray-color has-yellow-background-color has-text-color has-background\"><strong>ATEN\u00c7\u00c3O:<\/strong>\u00a0\u00e9 poss\u00edvel mudar essa estrutura, mas tome\u00a0<strong>muito cuidado<\/strong>. Caso seu site j\u00e1 esteja publicado e recebendo visitas, antes de seguir os passos a seguir, leia atentamente sobre redirecionamentos (mais abaixo).<\/p>\n\n\n\n<h3 id=\"h-qual-a-configura-o-ideal-para-os-links-permanentes\">Qual a configura\u00e7\u00e3o ideal para os links permanentes?<\/h3>\n\n\n\n<figure class=\"wp-block-image size-large\"><img loading=\"lazy\" width=\"1024\" height=\"408\" src=\"https:\/\/sites.ufca.edu.br\/treinamento-sites\/wp-content\/uploads\/sites\/172\/2021\/12\/image-34-1024x408.png\" alt=\"\" class=\"wp-image-515\" srcset=\"https:\/\/sites.ufca.edu.br\/treinamento-sites\/wp-content\/uploads\/sites\/172\/2021\/12\/image-34-1024x408.png 1024w, https:\/\/sites.ufca.edu.br\/treinamento-sites\/wp-content\/uploads\/sites\/172\/2021\/12\/image-34-300x120.png 300w, https:\/\/sites.ufca.edu.br\/treinamento-sites\/wp-content\/uploads\/sites\/172\/2021\/12\/image-34-768x306.png 768w, https:\/\/sites.ufca.edu.br\/treinamento-sites\/wp-content\/uploads\/sites\/172\/2021\/12\/image-34.png 1136w\" sizes=\"(max-width: 1024px) 100vw, 1024px\" \/><figcaption>Configura\u00e7\u00f5es de estrutura da URL. Para ver melhor, clique na imagem.<\/figcaption><\/figure>\n\n\n\n<p>N\u00e3o existe uma configura\u00e7\u00e3o ideal para todos os sites. Mas \u00e9 importante entender em quais situa\u00e7\u00f5es elas podem ser melhor utilizadas. Vamos entender cada uma delas.<\/p>\n\n\n\n<ul><li><strong>Padr\u00e3o:<\/strong>&nbsp;esse \u00e9 o formato menos amig\u00e1vel para o Google. Geralmente n\u00e3o \u00e9 recomendado utilizar essa estrutura em nenhuma ocasi\u00e3o, por isso a evitamos sempre que podemos.<\/li><li><strong>Dia e nome:<\/strong>&nbsp;essa estrutura apresenta o ano, o m\u00eas e o dia da publica\u00e7\u00e3o na URL, al\u00e9m do nome da publica\u00e7\u00e3o. As estruturas baseadas em data podem ser interessantes caso voc\u00ea tenha um portal de not\u00edcias. Apresentar a data na URL pode dar uma r\u00e1pida informa\u00e7\u00e3o ao leitor do qu\u00e3o atual \u00e9 aquela not\u00edcia. No entanto, se voc\u00ea n\u00e3o publica not\u00edcias, ter as datas nas URLs podem indicar que seu conte\u00fado \u00e9 antigo, por exemplo.<\/li><li><strong>M\u00eas e nome:<\/strong>&nbsp;muito parecida com a anterior, mas n\u00e3o apresenta o dia, apenas o ano e o m\u00eas.<\/li><li><strong>Num\u00e9rica:<\/strong>&nbsp;esse formato utiliza o ID, n\u00famero de identifica\u00e7\u00e3o \u00fanica para cada post, na URL. Ele \u00e9 precedido por uma palavra fixa que voc\u00ea pode alterar ou at\u00e9 mesmo remover. Sendo assim, essa op\u00e7\u00e3o vai na linha na op\u00e7\u00e3o Padr\u00e3o e tamb\u00e9m n\u00e3o costuma ser muito utilizada.<\/li><li><strong>Nome do post:<\/strong>&nbsp;esse formato de URL apresenta uma URL bem simples, somente com o nome da p\u00e1gina\/post. Por isso, \u00e9 o&nbsp;<strong>formato mais recomendado<\/strong>&nbsp;na maioria dos casos.<\/li><li><strong>Estrutura personalizada:<\/strong>&nbsp;se voc\u00ea precisa de uma estrutura mais personalizada, voc\u00ea pode criar sua pr\u00f3pria estrutura utilizando as tags dispon\u00edveis do WordPress.<\/li><\/ul>\n\n\n\n<h3 id=\"h-url-da-base-de-categorias-e-tags\">URL da Base de Categorias e Tags<\/h3>\n\n\n\n<figure class=\"wp-block-image size-large\"><img loading=\"lazy\" width=\"1024\" height=\"181\" src=\"https:\/\/sites.ufca.edu.br\/treinamento-sites\/wp-content\/uploads\/sites\/172\/2021\/12\/image-35-1024x181.png\" alt=\"\" class=\"wp-image-516\" srcset=\"https:\/\/sites.ufca.edu.br\/treinamento-sites\/wp-content\/uploads\/sites\/172\/2021\/12\/image-35-1024x181.png 1024w, https:\/\/sites.ufca.edu.br\/treinamento-sites\/wp-content\/uploads\/sites\/172\/2021\/12\/image-35-300x53.png 300w, https:\/\/sites.ufca.edu.br\/treinamento-sites\/wp-content\/uploads\/sites\/172\/2021\/12\/image-35-768x136.png 768w, https:\/\/sites.ufca.edu.br\/treinamento-sites\/wp-content\/uploads\/sites\/172\/2021\/12\/image-35.png 1120w\" sizes=\"(max-width: 1024px) 100vw, 1024px\" \/><figcaption>URL da Base de Categorias e Tags<\/figcaption><\/figure>\n\n\n\n<p>Ao publicar seus posts, voc\u00ea provavelmente deve fazer uso das\u00a0<a href=\"https:\/\/sites.ufca.edu.br\/treinamento-sites\/painel-administrativo\/como-gerenciar-categorias\/\">categorias<\/a> e <a href=\"https:\/\/sites.ufca.edu.br\/treinamento-sites\/painel-administrativo\/como-gerenciar-tags\/\">tags<\/a> do WordPress.<\/p>\n\n\n\n<p>Muita gente n\u00e3o sabe, mas toda vez que voc\u00ea cria uma categoria ou uma tag , o WordPress automaticamente gera uma URL para ela. Essa URL exibe todas as postagens que foram marcadas naquela categoria\/tag.<\/p>\n\n\n\n<p>Por padr\u00e3o a estrutura das URL\u2019s das categorias e tags \u00e9 assim:<\/p>\n\n\n\n<pre class=\"wp-block-code\"><code>https:&#47;&#47;exemplo.com.br\/category\/nome-da-categoria<\/code><\/pre>\n\n\n\n<pre class=\"wp-block-code\"><code>https:&#47;&#47;exemplo.com.br\/tag\/nome-da-tag<\/code><\/pre>\n\n\n\n<p>O termo&nbsp;<strong>category<\/strong>&nbsp;\u00e9 a base das URL\u2019s de categoria e o termo&nbsp;<strong>tag<\/strong>, a base das URL\u2019s de tag.<\/p>\n\n\n\n<p>Ambos os termos podem ser substitu\u00eddos por qualquer outra palavra.<\/p>\n\n\n\n<h3><em>Artigo Original<\/em><\/h3>\n\n\n\n<p><a href=\"https:\/\/www.mirago.com.br\/aula\/links-permanentes-wordpress\/\">https:\/\/www.mirago.com.br\/aula\/links-permanentes-wordpress\/<\/a><\/p>\n","protected":false},"excerpt":{"rendered":"<p>Nessa p\u00e1gina voc\u00ea vai aprender sobre as principais configura\u00e7\u00f5es do seu site e como faz\u00ea-las. \u00cdndice GeralEscritaLeituraDiscuss\u00e3oM\u00eddiaLinks permanentes Geral Aqui s\u00e3o apresentadas as configura\u00e7\u00f5es gerais do site. T\u00edtulo do site: t\u00edtulo que geralmente aparece em maior destaque no tema que&#8230; <a class=\"more-link\" href=\"https:\/\/sites.ufca.edu.br\/treinamento-sites\/painel-administrativo\/configure-seu-site\/\">Continue Reading &rarr;<\/a><\/p>\n","protected":false},"author":211,"featured_media":0,"parent":35,"menu_order":0,"comment_status":"closed","ping_status":"closed","template":"","meta":[],"_links":{"self":[{"href":"https:\/\/sites.ufca.edu.br\/treinamento-sites\/wp-json\/wp\/v2\/pages\/472"}],"collection":[{"href":"https:\/\/sites.ufca.edu.br\/treinamento-sites\/wp-json\/wp\/v2\/pages"}],"about":[{"href":"https:\/\/sites.ufca.edu.br\/treinamento-sites\/wp-json\/wp\/v2\/types\/page"}],"author":[{"embeddable":true,"href":"https:\/\/sites.ufca.edu.br\/treinamento-sites\/wp-json\/wp\/v2\/users\/211"}],"replies":[{"embeddable":true,"href":"https:\/\/sites.ufca.edu.br\/treinamento-sites\/wp-json\/wp\/v2\/comments?post=472"}],"version-history":[{"count":25,"href":"https:\/\/sites.ufca.edu.br\/treinamento-sites\/wp-json\/wp\/v2\/pages\/472\/revisions"}],"predecessor-version":[{"id":521,"href":"https:\/\/sites.ufca.edu.br\/treinamento-sites\/wp-json\/wp\/v2\/pages\/472\/revisions\/521"}],"up":[{"embeddable":true,"href":"https:\/\/sites.ufca.edu.br\/treinamento-sites\/wp-json\/wp\/v2\/pages\/35"}],"wp:attachment":[{"href":"https:\/\/sites.ufca.edu.br\/treinamento-sites\/wp-json\/wp\/v2\/media?parent=472"}],"curies":[{"name":"wp","href":"https:\/\/api.w.org\/{rel}","templated":true}]}}